{"id":46287,"date":"2025-03-03T12:48:22","date_gmt":"2025-03-03T11:48:22","guid":{"rendered":"https:\/\/hellasgarden.se\/?post_type=mec-events&#038;p=46287"},"modified":"2025-03-03T12:48:22","modified_gmt":"2025-03-03T11:48:22","slug":"internationella-gladjedagen","status":"publish","type":"mec-events","link":"https:\/\/hellasgarden.se\/zh\/events\/internationella-gladjedagen\/","title":{"rendered":"\u56fd\u9645\u6b22\u4e50\u65e5"},"content":{"rendered":"<p><span style=\"font-weight: 400;\">3 \u6708 20 \u65e5\u662f\u8ba9\u81ea\u5df1\u6216\u4ed6\u4eba\u5f00\u5fc3\u7684\u65e5\u5b50\u3002\u8d6b\u62c9\u65af\u9ad8\u767b\uff08Hellasg\u00e5rden\uff09\u662f\u4e00\u4e2a\u8ba9\u522b\u4eba\u5f00\u5fc3\u7684\u7edd\u4f73\u5730\u70b9\uff0c\u9080\u8bf7\u60a8\u7684\u670b\u53cb\u4e00\u8d77\u53bb\u6253\u8ff7\u4f60\u9ad8\u5c14\u592b\uff0c\u4e00\u8d77\u4eab\u53d7\u5feb\u4e50\ud83d\ude03\u3002<\/span><\/p>","protected":false},"excerpt":{"rendered":"<p>3 \u6708 20 \u65e5\u662f\u4e00\u4e2a\u8ba9\u81ea\u5df1\u6216\u4ed6\u4eba\u5f00\u5fc3\u7684\u65e5\u5b50\u3002\u5e0c\u814a\u57ce\u5821\uff08Hellasg\u00e5rden\uff09\u662f\u4e00\u4e2a\u8ba9\u522b\u4eba\u5f00\u5fc3\u7684\u7edd\u4f73\u5730\u70b9\uff0c\u60a8\u53ef\u4ee5\u9080\u8bf7... <\/p>\n<div><a href=\"https:\/\/hellasgarden.se\/zh\/events\/internationella-gladjedagen\/\" class=\"more-link\">\u9605\u8bfb\u66f4\u591a<\/a><\/div>","protected":false},"author":1,"featured_media":0,"comment_status":"closed","ping_status":"closed","template":"","format":"standard","tags":[],"mec_category":[7],"yoast_head":"<!-- This site is optimized with the Yoast SEO plugin v21.8.1 - https:\/\/yoast.com\/wordpress\/plugins\/seo\/ -->\n<title>Internationella gl\u00e4djedagen - Hellasg\u00e5rden<\/title>\n<meta name=\"robots\" content=\"index, follow, max-snippet:-1, max-image-preview:large, max-video-preview:-1\" \/>\n<link rel=\"canonical\" href=\"https:\/\/hellasgarden.se\/zh\/events\/internationella-gladjedagen\/\" \/>\n<meta property=\"og:locale\" content=\"zh_CN\" \/>\n<meta property=\"og:type\" content=\"article\" \/>\n<meta property=\"og:title\" content=\"Internationella gl\u00e4djedagen - Hellasg\u00e5rden\" \/>\n<meta property=\"og:description\" content=\"20 mars \u00e4r den dagen du ska visa lite extra mycket gl\u00e4dje.G\u00f6r n\u00e5got som g\u00f6r dig glad eller n\u00e5gon annan. Hellasg\u00e5rden \u00e4r en perfekt plats till att g\u00f6ra n\u00e5gon glad,bjud ... Read More\" \/>\n<meta property=\"og:url\" content=\"https:\/\/hellasgarden.se\/zh\/events\/internationella-gladjedagen\/\" \/>\n<meta property=\"og:site_name\" content=\"Hellasg\u00e5rden\" \/>\n<meta name=\"twitter:card\" content=\"summary_large_image\" \/>\n<meta name=\"twitter:label1\" content=\"\u9884\u8ba1\u9605\u8bfb\u65f6\u95f4\" \/>\n\t<meta name=\"twitter:data1\" content=\"1\u5206\" \/>\n<script type=\"application\/ld+json\" class=\"yoast-schema-graph\">{\"@context\":\"https:\/\/schema.org\",\"@graph\":[{\"@type\":\"WebPage\",\"@id\":\"https:\/\/hellasgarden.se\/events\/internationella-gladjedagen\/\",\"url\":\"https:\/\/hellasgarden.se\/events\/internationella-gladjedagen\/\",\"name\":\"Internationella gl\u00e4djedagen - Hellasg\u00e5rden\",\"isPartOf\":{\"@id\":\"https:\/\/hellasgarden.se\/#website\"},\"datePublished\":\"2025-03-03T11:48:22+00:00\",\"dateModified\":\"2025-03-03T11:48:22+00:00\",\"breadcrumb\":{\"@id\":\"https:\/\/hellasgarden.se\/events\/internationella-gladjedagen\/#breadcrumb\"},\"inLanguage\":\"zh-CN\",\"potentialAction\":[{\"@type\":\"ReadAction\",\"target\":[\"https:\/\/hellasgarden.se\/events\/internationella-gladjedagen\/\"]}]},{\"@type\":\"BreadcrumbList\",\"@id\":\"https:\/\/hellasgarden.se\/events\/internationella-gladjedagen\/#breadcrumb\",\"itemListElement\":[{\"@type\":\"ListItem\",\"position\":1,\"name\":\"Hem\",\"item\":\"https:\/\/hellasgarden.se\/\"},{\"@type\":\"ListItem\",\"position\":2,\"name\":\"\u00c9v\u00e9nements\",\"item\":\"https:\/\/hellasgarden.se\/fr\/events\/\"},{\"@type\":\"ListItem\",\"position\":3,\"name\":\"Internationella gl\u00e4djedagen\"}]},{\"@type\":\"WebSite\",\"@id\":\"https:\/\/hellasgarden.se\/#website\",\"url\":\"https:\/\/hellasgarden.se\/\",\"name\":\"Hellasg\u00e5rden\",\"description\":\"Din port till naturen\",\"potentialAction\":[{\"@type\":\"SearchAction\",\"target\":{\"@type\":\"EntryPoint\",\"urlTemplate\":\"https:\/\/hellasgarden.se\/?s={search_term_string}\"},\"query-input\":\"required name=search_term_string\"}],\"inLanguage\":\"zh-CN\"}]}<\/script>\n<!-- \/ Yoast SEO plugin. -->","yoast_head_json":{"title":"Internationella gl\u00e4djedagen - Hellasg\u00e5rden","robots":{"index":"index","follow":"follow","max-snippet":"max-snippet:-1","max-image-preview":"max-image-preview:large","max-video-preview":"max-video-preview:-1"},"canonical":"https:\/\/hellasgarden.se\/zh\/events\/internationella-gladjedagen\/","og_locale":"zh_CN","og_type":"article","og_title":"Internationella gl\u00e4djedagen - Hellasg\u00e5rden","og_description":"20 mars \u00e4r den dagen du ska visa lite extra mycket gl\u00e4dje.G\u00f6r n\u00e5got som g\u00f6r dig glad eller n\u00e5gon annan. Hellasg\u00e5rden \u00e4r en perfekt plats till att g\u00f6ra n\u00e5gon glad,bjud ... Read More","og_url":"https:\/\/hellasgarden.se\/zh\/events\/internationella-gladjedagen\/","og_site_name":"Hellasg\u00e5rden","twitter_card":"summary_large_image","twitter_misc":{"\u9884\u8ba1\u9605\u8bfb\u65f6\u95f4":"1\u5206"},"schema":{"@context":"https:\/\/schema.org","@graph":[{"@type":"WebPage","@id":"https:\/\/hellasgarden.se\/events\/internationella-gladjedagen\/","url":"https:\/\/hellasgarden.se\/events\/internationella-gladjedagen\/","name":"Internationella gl\u00e4djedagen - Hellasg\u00e5rden","isPartOf":{"@id":"https:\/\/hellasgarden.se\/#website"},"datePublished":"2025-03-03T11:48:22+00:00","dateModified":"2025-03-03T11:48:22+00:00","breadcrumb":{"@id":"https:\/\/hellasgarden.se\/events\/internationella-gladjedagen\/#breadcrumb"},"inLanguage":"zh-CN","potentialAction":[{"@type":"ReadAction","target":["https:\/\/hellasgarden.se\/events\/internationella-gladjedagen\/"]}]},{"@type":"BreadcrumbList","@id":"https:\/\/hellasgarden.se\/events\/internationella-gladjedagen\/#breadcrumb","itemListElement":[{"@type":"ListItem","position":1,"name":"Hem","item":"https:\/\/hellasgarden.se\/"},{"@type":"ListItem","position":2,"name":"\u00c9v\u00e9nements","item":"https:\/\/hellasgarden.se\/fr\/events\/"},{"@type":"ListItem","position":3,"name":"Internationella gl\u00e4djedagen"}]},{"@type":"WebSite","@id":"https:\/\/hellasgarden.se\/#website","url":"https:\/\/hellasgarden.se\/","name":"Hellasg\u00e5rden","description":"Din port till naturen","potentialAction":[{"@type":"SearchAction","target":{"@type":"EntryPoint","urlTemplate":"https:\/\/hellasgarden.se\/?s={search_term_string}"},"query-input":"required name=search_term_string"}],"inLanguage":"zh-CN"}]}},"_links":{"self":[{"href":"https:\/\/hellasgarden.se\/zh\/wp-json\/wp\/v2\/mec-events\/46287"}],"collection":[{"href":"https:\/\/hellasgarden.se\/zh\/wp-json\/wp\/v2\/mec-events"}],"about":[{"href":"https:\/\/hellasgarden.se\/zh\/wp-json\/wp\/v2\/types\/mec-events"}],"author":[{"embeddable":true,"href":"https:\/\/hellasgarden.se\/zh\/wp-json\/wp\/v2\/users\/1"}],"replies":[{"embeddable":true,"href":"https:\/\/hellasgarden.se\/zh\/wp-json\/wp\/v2\/comments?post=46287"}],"wp:attachment":[{"href":"https:\/\/hellasgarden.se\/zh\/wp-json\/wp\/v2\/media?parent=46287"}],"wp:term":[{"taxonomy":"post_tag","embeddable":true,"href":"https:\/\/hellasgarden.se\/zh\/wp-json\/wp\/v2\/tags?post=46287"},{"taxonomy":"mec_category","embeddable":true,"href":"https:\/\/hellasgarden.se\/zh\/wp-json\/wp\/v2\/mec_category?post=46287"}],"curies":[{"name":"wp","href":"https:\/\/api.w.org\/{rel}","templated":true}]}}