{"id":45967,"date":"2024-11-08T11:20:28","date_gmt":"2024-11-08T10:20:28","guid":{"rendered":"https:\/\/hellasgarden.se\/?post_type=mec-events&#038;p=45967"},"modified":"2024-11-08T11:20:28","modified_gmt":"2024-11-08T10:20:28","slug":"black-friday","status":"publish","type":"mec-events","link":"https:\/\/hellasgarden.se\/fr\/events\/black-friday\/","title":{"rendered":"VENDREDI noir"},"content":{"rendered":"<p><span style=\"font-weight: 400;\">Jusqu'au 29 novembre, vous pouvez r\u00e9server une chambre \u00e0 Hellasg\u00e5rden avec une r\u00e9duction de 20%. La p\u00e9riode de r\u00e9servation s'\u00e9tend du 24 f\u00e9vrier au 23 mars 2025. R\u00e9servez votre chambre via <\/span><a href=\"mailto:konferens@hellasgarden.se\"><span style=\"font-weight: 400;\">konferens@hellasgarden.se<\/span><\/a><span style=\"font-weight: 400;\">. Indiquez la date et le nombre de personnes dans la rubrique.\u00a0<\/span><\/p>\n<p>&nbsp;<\/p>\n<p><span style=\"font-weight: 400;\">Nous vous souhaitons la bienvenue !<\/span><span style=\"font-weight: 400;\">\u00a0\u00a0\u00a0\u00a0\u00a0\u00a0\u00a0\u00a0\u00a0<\/span><\/p>\n<p><span style=\"font-weight: 400;\">\u00a0\u00a0\u00a0\u00a0\u00a0\u00a0\u00a0\u00a0\u00a0\u00a0\u00a0\u00a0\u00a0\u00a0\u00a0<\/span><\/p>","protected":false},"excerpt":{"rendered":"<p>Jusqu'au 29 novembre, vous pouvez r\u00e9server une chambre \u00e0 Hellasg\u00e5rden avec une r\u00e9duction de 20%. La p\u00e9riode de r\u00e9servation s'\u00e9tend du 24 f\u00e9vrier au 23 mars 2025. R\u00e9servez votre chambre via konferens@hellasgarden.se. Saisissez la date et ... <\/p>\n<div><a href=\"https:\/\/hellasgarden.se\/fr\/events\/black-friday\/\" class=\"more-link\">Lire la suite<\/a><\/div>","protected":false},"author":1,"featured_media":45968,"comment_status":"closed","ping_status":"closed","template":"","format":"standard","tags":[],"mec_category":[7],"yoast_head":"<!-- This site is optimized with the Yoast SEO plugin v21.8.1 - https:\/\/yoast.com\/wordpress\/plugins\/seo\/ -->\n<title>Black FRIDAY - Hellasg\u00e5rden<\/title>\n<meta name=\"robots\" content=\"index, follow, max-snippet:-1, max-image-preview:large, max-video-preview:-1\" \/>\n<link rel=\"canonical\" href=\"https:\/\/hellasgarden.se\/fr\/events\/black-friday\/\" \/>\n<meta property=\"og:locale\" content=\"fr_FR\" \/>\n<meta property=\"og:type\" content=\"article\" \/>\n<meta property=\"og:title\" content=\"Black FRIDAY - Hellasg\u00e5rden\" \/>\n<meta property=\"og:description\" content=\"Senast 29\/11 kan man boka lokalen p\u00e5 Hellasg\u00e5rden med 20% rabatt. Perioden f\u00f6r bokningen ska vara 24 februari till 23 mars 2025. Boka in er via konferens@hellasgarden.se. Ange datum och ... Read More\" \/>\n<meta property=\"og:url\" content=\"https:\/\/hellasgarden.se\/fr\/events\/black-friday\/\" \/>\n<meta property=\"og:site_name\" content=\"Hellasg\u00e5rden\" \/>\n<meta property=\"og:image\" content=\"https:\/\/hellasgarden.se\/wp-content\/uploads\/2024\/11\/black-friday.jpg\" \/>\n\t<meta property=\"og:image:width\" content=\"275\" \/>\n\t<meta property=\"og:image:height\" content=\"183\" \/>\n\t<meta property=\"og:image:type\" content=\"image\/jpeg\" \/>\n<meta name=\"twitter:card\" content=\"summary_large_image\" \/>\n<meta name=\"twitter:label1\" content=\"Dur\u00e9e de lecture estim\u00e9e\" \/>\n\t<meta name=\"twitter:data1\" content=\"1 minute\" \/>\n<script type=\"application\/ld+json\" class=\"yoast-schema-graph\">{\"@context\":\"https:\/\/schema.org\",\"@graph\":[{\"@type\":\"WebPage\",\"@id\":\"https:\/\/hellasgarden.se\/events\/black-friday\/\",\"url\":\"https:\/\/hellasgarden.se\/events\/black-friday\/\",\"name\":\"Black FRIDAY - Hellasg\u00e5rden\",\"isPartOf\":{\"@id\":\"https:\/\/hellasgarden.se\/#website\"},\"datePublished\":\"2024-11-08T10:20:28+00:00\",\"dateModified\":\"2024-11-08T10:20:28+00:00\",\"breadcrumb\":{\"@id\":\"https:\/\/hellasgarden.se\/events\/black-friday\/#breadcrumb\"},\"inLanguage\":\"fr-FR\",\"potentialAction\":[{\"@type\":\"ReadAction\",\"target\":[\"https:\/\/hellasgarden.se\/events\/black-friday\/\"]}]},{\"@type\":\"BreadcrumbList\",\"@id\":\"https:\/\/hellasgarden.se\/events\/black-friday\/#breadcrumb\",\"itemListElement\":[{\"@type\":\"ListItem\",\"position\":1,\"name\":\"Hem\",\"item\":\"https:\/\/hellasgarden.se\/\"},{\"@type\":\"ListItem\",\"position\":2,\"name\":\"\u00c9v\u00e9nements\",\"item\":\"https:\/\/hellasgarden.se\/fr\/events\/\"},{\"@type\":\"ListItem\",\"position\":3,\"name\":\"Black FRIDAY\"}]},{\"@type\":\"WebSite\",\"@id\":\"https:\/\/hellasgarden.se\/#website\",\"url\":\"https:\/\/hellasgarden.se\/\",\"name\":\"Hellasg\u00e5rden\",\"description\":\"Din port till naturen\",\"potentialAction\":[{\"@type\":\"SearchAction\",\"target\":{\"@type\":\"EntryPoint\",\"urlTemplate\":\"https:\/\/hellasgarden.se\/?s={search_term_string}\"},\"query-input\":\"required name=search_term_string\"}],\"inLanguage\":\"fr-FR\"}]}<\/script>\n<!-- \/ Yoast SEO plugin. -->","yoast_head_json":{"title":"Black FRIDAY - Hellasg\u00e5rden","robots":{"index":"index","follow":"follow","max-snippet":"max-snippet:-1","max-image-preview":"max-image-preview:large","max-video-preview":"max-video-preview:-1"},"canonical":"https:\/\/hellasgarden.se\/fr\/events\/black-friday\/","og_locale":"fr_FR","og_type":"article","og_title":"Black FRIDAY - Hellasg\u00e5rden","og_description":"Senast 29\/11 kan man boka lokalen p\u00e5 Hellasg\u00e5rden med 20% rabatt. Perioden f\u00f6r bokningen ska vara 24 februari till 23 mars 2025. Boka in er via konferens@hellasgarden.se. Ange datum och ... Read More","og_url":"https:\/\/hellasgarden.se\/fr\/events\/black-friday\/","og_site_name":"Hellasg\u00e5rden","og_image":[{"width":275,"height":183,"url":"https:\/\/hellasgarden.se\/wp-content\/uploads\/2024\/11\/black-friday.jpg","type":"image\/jpeg"}],"twitter_card":"summary_large_image","twitter_misc":{"Dur\u00e9e de lecture estim\u00e9e":"1 minute"},"schema":{"@context":"https:\/\/schema.org","@graph":[{"@type":"WebPage","@id":"https:\/\/hellasgarden.se\/events\/black-friday\/","url":"https:\/\/hellasgarden.se\/events\/black-friday\/","name":"Black FRIDAY - Hellasg\u00e5rden","isPartOf":{"@id":"https:\/\/hellasgarden.se\/#website"},"datePublished":"2024-11-08T10:20:28+00:00","dateModified":"2024-11-08T10:20:28+00:00","breadcrumb":{"@id":"https:\/\/hellasgarden.se\/events\/black-friday\/#breadcrumb"},"inLanguage":"fr-FR","potentialAction":[{"@type":"ReadAction","target":["https:\/\/hellasgarden.se\/events\/black-friday\/"]}]},{"@type":"BreadcrumbList","@id":"https:\/\/hellasgarden.se\/events\/black-friday\/#breadcrumb","itemListElement":[{"@type":"ListItem","position":1,"name":"Hem","item":"https:\/\/hellasgarden.se\/"},{"@type":"ListItem","position":2,"name":"\u00c9v\u00e9nements","item":"https:\/\/hellasgarden.se\/fr\/events\/"},{"@type":"ListItem","position":3,"name":"Black FRIDAY"}]},{"@type":"WebSite","@id":"https:\/\/hellasgarden.se\/#website","url":"https:\/\/hellasgarden.se\/","name":"Hellasg\u00e5rden","description":"Din port till naturen","potentialAction":[{"@type":"SearchAction","target":{"@type":"EntryPoint","urlTemplate":"https:\/\/hellasgarden.se\/?s={search_term_string}"},"query-input":"required name=search_term_string"}],"inLanguage":"fr-FR"}]}},"_links":{"self":[{"href":"https:\/\/hellasgarden.se\/fr\/wp-json\/wp\/v2\/mec-events\/45967"}],"collection":[{"href":"https:\/\/hellasgarden.se\/fr\/wp-json\/wp\/v2\/mec-events"}],"about":[{"href":"https:\/\/hellasgarden.se\/fr\/wp-json\/wp\/v2\/types\/mec-events"}],"author":[{"embeddable":true,"href":"https:\/\/hellasgarden.se\/fr\/wp-json\/wp\/v2\/users\/1"}],"replies":[{"embeddable":true,"href":"https:\/\/hellasgarden.se\/fr\/wp-json\/wp\/v2\/comments?post=45967"}],"wp:featuredmedia":[{"embeddable":true,"href":"https:\/\/hellasgarden.se\/fr\/wp-json\/wp\/v2\/media\/45968"}],"wp:attachment":[{"href":"https:\/\/hellasgarden.se\/fr\/wp-json\/wp\/v2\/media?parent=45967"}],"wp:term":[{"taxonomy":"post_tag","embeddable":true,"href":"https:\/\/hellasgarden.se\/fr\/wp-json\/wp\/v2\/tags?post=45967"},{"taxonomy":"mec_category","embeddable":true,"href":"https:\/\/hellasgarden.se\/fr\/wp-json\/wp\/v2\/mec_category?post=45967"}],"curies":[{"name":"wp","href":"https:\/\/api.w.org\/{rel}","templated":true}]}}