{"id":46287,"date":"2025-03-03T12:48:22","date_gmt":"2025-03-03T11:48:22","guid":{"rendered":"https:\/\/hellasgarden.se\/?post_type=mec-events&#038;p=46287"},"modified":"2025-03-03T12:48:22","modified_gmt":"2025-03-03T11:48:22","slug":"internationella-gladjedagen","status":"publish","type":"mec-events","link":"https:\/\/hellasgarden.se\/en\/events\/internationella-gladjedagen\/","title":{"rendered":"International Day of Joy"},"content":{"rendered":"<p><span style=\"font-weight: 400;\">20 March is the day to show a little extra joy.Do something that makes you happy or someone else. Hellasg\u00e5rden is a perfect place to make someone happy, invite your friend to mini golf and have fun together\ud83d\ude03<\/span><\/p>","protected":false},"excerpt":{"rendered":"<p>20 March is the day to show a little extra joy.Do something that makes you or someone else happy. Hellasg\u00e5rden is a perfect place to make someone happy, invite ... <\/p>\n<div><a href=\"https:\/\/hellasgarden.se\/en\/events\/internationella-gladjedagen\/\" class=\"more-link\">Read More<\/a><\/div>","protected":false},"author":1,"featured_media":0,"comment_status":"closed","ping_status":"closed","template":"","format":"standard","tags":[],"mec_category":[7],"yoast_head":"<!-- This site is optimized with the Yoast SEO plugin v21.8.1 - https:\/\/yoast.com\/wordpress\/plugins\/seo\/ -->\n<title>Internationella gl\u00e4djedagen - Hellasg\u00e5rden<\/title>\n<meta name=\"robots\" content=\"index, follow, max-snippet:-1, max-image-preview:large, max-video-preview:-1\" \/>\n<link rel=\"canonical\" href=\"https:\/\/hellasgarden.se\/en\/events\/internationella-gladjedagen\/\" \/>\n<meta property=\"og:locale\" content=\"en_GB\" \/>\n<meta property=\"og:type\" content=\"article\" \/>\n<meta property=\"og:title\" content=\"Internationella gl\u00e4djedagen - Hellasg\u00e5rden\" \/>\n<meta property=\"og:description\" content=\"20 mars \u00e4r den dagen du ska visa lite extra mycket gl\u00e4dje.G\u00f6r n\u00e5got som g\u00f6r dig glad eller n\u00e5gon annan. Hellasg\u00e5rden \u00e4r en perfekt plats till att g\u00f6ra n\u00e5gon glad,bjud ... Read More\" \/>\n<meta property=\"og:url\" content=\"https:\/\/hellasgarden.se\/en\/events\/internationella-gladjedagen\/\" \/>\n<meta property=\"og:site_name\" content=\"Hellasg\u00e5rden\" \/>\n<meta name=\"twitter:card\" content=\"summary_large_image\" \/>\n<meta name=\"twitter:label1\" content=\"Estimated reading time\" \/>\n\t<meta name=\"twitter:data1\" content=\"1 minute\" \/>\n<script type=\"application\/ld+json\" class=\"yoast-schema-graph\">{\"@context\":\"https:\/\/schema.org\",\"@graph\":[{\"@type\":\"WebPage\",\"@id\":\"https:\/\/hellasgarden.se\/events\/internationella-gladjedagen\/\",\"url\":\"https:\/\/hellasgarden.se\/events\/internationella-gladjedagen\/\",\"name\":\"Internationella gl\u00e4djedagen - Hellasg\u00e5rden\",\"isPartOf\":{\"@id\":\"https:\/\/hellasgarden.se\/#website\"},\"datePublished\":\"2025-03-03T11:48:22+00:00\",\"dateModified\":\"2025-03-03T11:48:22+00:00\",\"breadcrumb\":{\"@id\":\"https:\/\/hellasgarden.se\/events\/internationella-gladjedagen\/#breadcrumb\"},\"inLanguage\":\"en-GB\",\"potentialAction\":[{\"@type\":\"ReadAction\",\"target\":[\"https:\/\/hellasgarden.se\/events\/internationella-gladjedagen\/\"]}]},{\"@type\":\"BreadcrumbList\",\"@id\":\"https:\/\/hellasgarden.se\/events\/internationella-gladjedagen\/#breadcrumb\",\"itemListElement\":[{\"@type\":\"ListItem\",\"position\":1,\"name\":\"Hem\",\"item\":\"https:\/\/hellasgarden.se\/\"},{\"@type\":\"ListItem\",\"position\":2,\"name\":\"\u00c9v\u00e9nements\",\"item\":\"https:\/\/hellasgarden.se\/fr\/events\/\"},{\"@type\":\"ListItem\",\"position\":3,\"name\":\"Internationella gl\u00e4djedagen\"}]},{\"@type\":\"WebSite\",\"@id\":\"https:\/\/hellasgarden.se\/#website\",\"url\":\"https:\/\/hellasgarden.se\/\",\"name\":\"Hellasg\u00e5rden\",\"description\":\"Din port till naturen\",\"potentialAction\":[{\"@type\":\"SearchAction\",\"target\":{\"@type\":\"EntryPoint\",\"urlTemplate\":\"https:\/\/hellasgarden.se\/?s={search_term_string}\"},\"query-input\":\"required name=search_term_string\"}],\"inLanguage\":\"en-GB\"}]}<\/script>\n<!-- \/ Yoast SEO plugin. -->","yoast_head_json":{"title":"Internationella gl\u00e4djedagen - Hellasg\u00e5rden","robots":{"index":"index","follow":"follow","max-snippet":"max-snippet:-1","max-image-preview":"max-image-preview:large","max-video-preview":"max-video-preview:-1"},"canonical":"https:\/\/hellasgarden.se\/en\/events\/internationella-gladjedagen\/","og_locale":"en_GB","og_type":"article","og_title":"Internationella gl\u00e4djedagen - Hellasg\u00e5rden","og_description":"20 mars \u00e4r den dagen du ska visa lite extra mycket gl\u00e4dje.G\u00f6r n\u00e5got som g\u00f6r dig glad eller n\u00e5gon annan. Hellasg\u00e5rden \u00e4r en perfekt plats till att g\u00f6ra n\u00e5gon glad,bjud ... Read More","og_url":"https:\/\/hellasgarden.se\/en\/events\/internationella-gladjedagen\/","og_site_name":"Hellasg\u00e5rden","twitter_card":"summary_large_image","twitter_misc":{"Estimated reading time":"1 minute"},"schema":{"@context":"https:\/\/schema.org","@graph":[{"@type":"WebPage","@id":"https:\/\/hellasgarden.se\/events\/internationella-gladjedagen\/","url":"https:\/\/hellasgarden.se\/events\/internationella-gladjedagen\/","name":"Internationella gl\u00e4djedagen - Hellasg\u00e5rden","isPartOf":{"@id":"https:\/\/hellasgarden.se\/#website"},"datePublished":"2025-03-03T11:48:22+00:00","dateModified":"2025-03-03T11:48:22+00:00","breadcrumb":{"@id":"https:\/\/hellasgarden.se\/events\/internationella-gladjedagen\/#breadcrumb"},"inLanguage":"en-GB","potentialAction":[{"@type":"ReadAction","target":["https:\/\/hellasgarden.se\/events\/internationella-gladjedagen\/"]}]},{"@type":"BreadcrumbList","@id":"https:\/\/hellasgarden.se\/events\/internationella-gladjedagen\/#breadcrumb","itemListElement":[{"@type":"ListItem","position":1,"name":"Hem","item":"https:\/\/hellasgarden.se\/"},{"@type":"ListItem","position":2,"name":"\u00c9v\u00e9nements","item":"https:\/\/hellasgarden.se\/fr\/events\/"},{"@type":"ListItem","position":3,"name":"Internationella gl\u00e4djedagen"}]},{"@type":"WebSite","@id":"https:\/\/hellasgarden.se\/#website","url":"https:\/\/hellasgarden.se\/","name":"Hellasg\u00e5rden","description":"Din port till naturen","potentialAction":[{"@type":"SearchAction","target":{"@type":"EntryPoint","urlTemplate":"https:\/\/hellasgarden.se\/?s={search_term_string}"},"query-input":"required name=search_term_string"}],"inLanguage":"en-GB"}]}},"_links":{"self":[{"href":"https:\/\/hellasgarden.se\/en\/wp-json\/wp\/v2\/mec-events\/46287"}],"collection":[{"href":"https:\/\/hellasgarden.se\/en\/wp-json\/wp\/v2\/mec-events"}],"about":[{"href":"https:\/\/hellasgarden.se\/en\/wp-json\/wp\/v2\/types\/mec-events"}],"author":[{"embeddable":true,"href":"https:\/\/hellasgarden.se\/en\/wp-json\/wp\/v2\/users\/1"}],"replies":[{"embeddable":true,"href":"https:\/\/hellasgarden.se\/en\/wp-json\/wp\/v2\/comments?post=46287"}],"wp:attachment":[{"href":"https:\/\/hellasgarden.se\/en\/wp-json\/wp\/v2\/media?parent=46287"}],"wp:term":[{"taxonomy":"post_tag","embeddable":true,"href":"https:\/\/hellasgarden.se\/en\/wp-json\/wp\/v2\/tags?post=46287"},{"taxonomy":"mec_category","embeddable":true,"href":"https:\/\/hellasgarden.se\/en\/wp-json\/wp\/v2\/mec_category?post=46287"}],"curies":[{"name":"wp","href":"https:\/\/api.w.org\/{rel}","templated":true}]}}